{"id":327,"date":"2020-12-15T15:20:52","date_gmt":"2020-12-15T14:20:52","guid":{"rendered":"http:\/\/www.stores-fonction.fr\/?page_id=327"},"modified":"2025-08-29T12:03:45","modified_gmt":"2025-08-29T10:03:45","slug":"stores-a-bandes-verticales","status":"publish","type":"page","link":"https:\/\/www.stores-fonction.fr\/index.php\/stores-interieurs\/stores-a-bandes-verticales\/","title":{"rendered":"Stores Californiens"},"content":{"rendered":"\t\t<div data-elementor-type=\"wp-page\" data-elementor-id=\"327\" class=\"elementor elementor-327\">\n\t\t\t\t\t\t<section class=\"elementor-section elementor-top-section elementor-element elementor-element-2bc8cc5e elementor-section-boxed elementor-section-height-default elementor-section-height-default\" data-id=\"2bc8cc5e\" data-element_type=\"section\" data-e-type=\"section\">\n\t\t\t\t\t\t<div class=\"elementor-container elementor-column-gap-default\">\n\t\t\t\t\t<div class=\"elementor-column elementor-col-100 elementor-top-column elementor-element elementor-element-7455d89b\" data-id=\"7455d89b\" data-element_type=\"column\" data-e-type=\"column\">\n\t\t\t<div class=\"elementor-widget-wrap elementor-element-populated\">\n\t\t\t\t\t\t<div class=\"elementor-element elementor-element-6cdaee28 elementor-widget elementor-widget-heading\" data-id=\"6cdaee28\" data-element_type=\"widget\" data-e-type=\"widget\" data-widget_type=\"heading.default\">\n\t\t\t\t<div class=\"elementor-widget-container\">\n\t\t\t\t\t<h1 class=\"elementor-heading-title elementor-size-default\">Les Stores \u00e0 Bandes Verticales<\/h1>\t\t\t\t<\/div>\n\t\t\t\t<\/div>\n\t\t\t\t<div class=\"elementor-element elementor-element-791284f9 elementor-widget elementor-widget-spacer\" data-id=\"791284f9\" data-element_type=\"widget\" data-e-type=\"widget\" data-widget_type=\"spacer.default\">\n\t\t\t\t<div class=\"elementor-widget-container\">\n\t\t\t\t\t\t\t<div class=\"elementor-spacer\">\n\t\t\t<div class=\"elementor-spacer-inner\"><\/div>\n\t\t<\/div>\n\t\t\t\t\t\t<\/div>\n\t\t\t\t<\/div>\n\t\t\t\t\t<\/div>\n\t\t<\/div>\n\t\t\t\t\t<\/div>\n\t\t<\/section>\n\t\t\t\t<section class=\"elementor-section elementor-top-section elementor-element elementor-element-643abca3 elementor-section-boxed elementor-section-height-default elementor-section-height-default\" data-id=\"643abca3\" data-element_type=\"section\" data-e-type=\"section\" data-settings=\"{&quot;background_background&quot;:&quot;classic&quot;}\">\n\t\t\t\t\t\t<div class=\"elementor-container elementor-column-gap-default\">\n\t\t\t\t\t<div class=\"elementor-column elementor-col-100 elementor-top-column elementor-element elementor-element-713e5b39\" data-id=\"713e5b39\" data-element_type=\"column\" data-e-type=\"column\">\n\t\t\t<div class=\"elementor-widget-wrap elementor-element-populated\">\n\t\t\t\t\t\t<div class=\"elementor-element elementor-element-4b6ec1c9 elementor-widget__width-inherit elementor-widget elementor-widget-image\" data-id=\"4b6ec1c9\" data-element_type=\"widget\" data-e-type=\"widget\" data-widget_type=\"image.default\">\n\t\t\t\t<div class=\"elementor-widget-container\">\n\t\t\t\t\t\t\t\t\t\t\t\t\t\t\t<img alt=\"\" fetchpriority=\"high\" decoding=\"async\" width=\"2560\" height=\"1440\" src=\"https:\/\/www.stores-fonction.fr\/wp-content\/uploads\/2025\/08\/store-interieur-bandes-verticales-jp-Morgan-avocat-societe-corporate-bureau-3.jpg\" class=\"attachment-full size-full wp-image-2749\" alt=\"\" srcset=\"https:\/\/www.stores-fonction.fr\/wp-content\/uploads\/2025\/08\/store-interieur-bandes-verticales-jp-Morgan-avocat-societe-corporate-bureau-3.jpg 2560w, https:\/\/www.stores-fonction.fr\/wp-content\/uploads\/2025\/08\/store-interieur-bandes-verticales-jp-Morgan-avocat-societe-corporate-bureau-3-300x169.jpg 300w, https:\/\/www.stores-fonction.fr\/wp-content\/uploads\/2025\/08\/store-interieur-bandes-verticales-jp-Morgan-avocat-societe-corporate-bureau-3-1024x576.jpg 1024w, https:\/\/www.stores-fonction.fr\/wp-content\/uploads\/2025\/08\/store-interieur-bandes-verticales-jp-Morgan-avocat-societe-corporate-bureau-3-768x432.jpg 768w, https:\/\/www.stores-fonction.fr\/wp-content\/uploads\/2025\/08\/store-interieur-bandes-verticales-jp-Morgan-avocat-societe-corporate-bureau-3-1536x864.jpg 1536w, https:\/\/www.stores-fonction.fr\/wp-content\/uploads\/2025\/08\/store-interieur-bandes-verticales-jp-Morgan-avocat-societe-corporate-bureau-3-2048x1152.jpg 2048w\" sizes=\"(max-width: 2560px) 100vw, 2560px\" \/>\t\t\t\t\t\t\t\t\t\t\t\t\t\t\t<\/div>\n\t\t\t\t<\/div>\n\t\t\t\t<div class=\"elementor-element elementor-element-746c66f1 elementor-widget elementor-widget-text-editor\" data-id=\"746c66f1\" data-element_type=\"widget\" data-e-type=\"widget\" data-widget_type=\"text-editor.default\">\n\t\t\t\t<div class=\"elementor-widget-container\">\n\t\t\t\t\t\t\t\t\t<p>L\u2019orientation de ses lames sur 180\u00b0 et ses diverses possibilit\u00e9s de refoulement permettent au <strong>store \u00e0 bandes verticales<\/strong> de trouver ais\u00e9ment sa place devant les petites ouvertures et les grandes baies vitr\u00e9es.<br \/>Avec ses profil\u00e9s de couleurs et ses tissus d\u00e9coratifs, il s\u2019oriente au gr\u00e9 de vos d\u00e9sirs et laisse entrevoir l\u2019ombre ou la lumi\u00e8re.<\/p>\t\t\t\t\t\t\t\t<\/div>\n\t\t\t\t<\/div>\n\t\t\t\t\t<\/div>\n\t\t<\/div>\n\t\t\t\t\t<\/div>\n\t\t<\/section>\n\t\t\t\t<section class=\"elementor-section elementor-top-section elementor-element elementor-element-178c21e1 elementor-section-boxed elementor-section-height-default elementor-section-height-default\" data-id=\"178c21e1\" data-element_type=\"section\" data-e-type=\"section\">\n\t\t\t\t\t\t<div class=\"elementor-container elementor-column-gap-default\">\n\t\t\t\t\t<div class=\"elementor-column elementor-col-50 elementor-top-column elementor-element elementor-element-696ffb33\" data-id=\"696ffb33\" data-element_type=\"column\" data-e-type=\"column\">\n\t\t\t<div class=\"elementor-widget-wrap elementor-element-populated\">\n\t\t\t\t\t\t<div class=\"elementor-element elementor-element-1fbbb145 elementor-widget__width-initial elementor-widget elementor-widget-beaf-slider\" data-id=\"1fbbb145\" data-element_type=\"widget\" data-e-type=\"widget\" data-widget_type=\"beaf-slider.default\">\n\t\t\t\t<div class=\"elementor-widget-container\">\n\t\t\t\t\t\n\t\t\t\n\t<style type=\"text\/css\">\n\t\t.slider-info-1760.bafg-slider-info .bafg-slider-title {\n\t\t\t\t\t\t\tfont-size:\n\t\t\t\t\t22px\t\t\t\t;\n\t\t\t\n\t\t\t\n\t\t\t\t\t}\n\n\t\t.slider-info-1760.bafg-slider-info .bafg-slider-description {\n\t\t\t\n\t\t\t\n\t\t\t\t\t}\n\t\t\n\t\t\n\t\t.slider-info-1760.bafg-slider-info .bafg_slider_readmore_button {\n\t\t\t\n\t\t\t\t\t\t\tcolor:\n\t\t\t\t\t#ffffff\t\t\t\t;\n\t\t\t\n\t\t\t\n\t\t\t\n\t\t\t\n\t\t\ttext-align: center;\n\n\t\t\t\n\t\t\t\n\t\t\t\n\t\t\t\n\t\t\t\t\t}\n\n\t\t.slider-info-1760.bafg-slider-info .bafg_slider_readmore_button:hover {\n\n\t\t\t\n\t\t\t\n\t\t\t\t\t}\n\t<\/style>\n\t\n\t\t\t<div class=\"bafg-twentytwenty-container slider-1760  \"\n\t\t\t\tbafg-orientation=\"horizontal\" bafg-default-offset=\"0.5\"\n\t\t\t\tbafg-before-label=\"Ouvert\"\n\t\t\t\tbafg-after-label=\"Ferm\u00e9\" bafg-overlay=\"1\"\n\t\t\t\tbafg-move-slider-on-hover=\"\"\n\t\t\t\tbafg-click-to-move=\"\">\n\n\t\t\t\t\t\t\t\t<img class=\"skip-lazy\" data-skip-lazy\t\t\t\t\tsrc=\"https:\/\/www.stores-fonction.fr\/wp-content\/uploads\/2025\/08\/signal-2025-06-02-221600_002.jpeg\" alt=\"Ouvert\">\n\t\t\t\t<img class=\"skip-lazy\" data-skip-lazy\t\t\t\t\tsrc=\"https:\/\/www.stores-fonction.fr\/wp-content\/uploads\/2025\/08\/signal-2025-06-02-221600_003.jpeg\" alt=\"Ferm\u00e9\">\n\n\t\t\t<\/div>\n\n\t\t\t\t<div class=\"bafg-slider-info-wraper\">\n\t\t<div style=\"\" class=\"slider-info-1760 bafg-slider-info\">\n\t\t\t\t\t<\/div>\n\t<\/div>\n\t\n\t\t\t<style type=\"text\/css\">\n\t\t\t\t\t\t\t\t\t\t\t<\/style>\n\t\t\t\t\t\t\t<\/div>\n\t\t\t\t<\/div>\n\t\t\t\t\t<\/div>\n\t\t<\/div>\n\t\t\t\t<div class=\"elementor-column elementor-col-50 elementor-top-column elementor-element elementor-element-29e108b5\" data-id=\"29e108b5\" data-element_type=\"column\" data-e-type=\"column\">\n\t\t\t<div class=\"elementor-widget-wrap elementor-element-populated\">\n\t\t\t\t\t\t<div class=\"elementor-element elementor-element-5317e487 elementor-widget elementor-widget-heading\" data-id=\"5317e487\" data-element_type=\"widget\" data-e-type=\"widget\" data-widget_type=\"heading.default\">\n\t\t\t\t<div class=\"elementor-widget-container\">\n\t\t\t\t\t<h2 class=\"elementor-heading-title elementor-size-default\">Le Store \u00e0 bandes verticales ou Store Californien<\/h2>\t\t\t\t<\/div>\n\t\t\t\t<\/div>\n\t\t\t\t<div class=\"elementor-element elementor-element-5b476b66 elementor-widget elementor-widget-text-editor\" data-id=\"5b476b66\" data-element_type=\"widget\" data-e-type=\"widget\" data-widget_type=\"text-editor.default\">\n\t\t\t\t<div class=\"elementor-widget-container\">\n\t\t\t\t\t\t\t\t\t<p>Le <strong>store \u00e0 bandes verticales<\/strong> aussi dit store californien est le store qui me permet le plus de variations :<\/p><ul><li>ouvert ou ferm\u00e9,<\/li><li>lames orient\u00e9es dans le sens voulu,<\/li><li>ouverture \u00e0 gauche, \u00e0 droite ou au milieu,<\/li><li>confection en rectangle, en trap\u00e8ze ou en arrondi,<\/li><li>lames droites ou d\u00e9coupage en vagues,<\/li><li>lames en tissu, en PVC ou en bois.<\/li><\/ul>\t\t\t\t\t\t\t\t<\/div>\n\t\t\t\t<\/div>\n\t\t\t\t<div class=\"elementor-element elementor-element-5e6696c9 elementor-widget elementor-widget-image\" data-id=\"5e6696c9\" data-element_type=\"widget\" data-e-type=\"widget\" data-widget_type=\"image.default\">\n\t\t\t\t<div class=\"elementor-widget-container\">\n\t\t\t\t\t\t\t\t\t\t\t\t\t\t\t<img alt=\"\" decoding=\"async\" width=\"1024\" height=\"576\" src=\"https:\/\/www.stores-fonction.fr\/wp-content\/uploads\/2025\/08\/store-bandes-verticales-californien-screen-gris-credit-mutuel-banque-1-1024x576.jpeg\" class=\"attachment-large size-large wp-image-2748\" alt=\"\" srcset=\"https:\/\/www.stores-fonction.fr\/wp-content\/uploads\/2025\/08\/store-bandes-verticales-californien-screen-gris-credit-mutuel-banque-1-1024x576.jpeg 1024w, https:\/\/www.stores-fonction.fr\/wp-content\/uploads\/2025\/08\/store-bandes-verticales-californien-screen-gris-credit-mutuel-banque-1-300x169.jpeg 300w, https:\/\/www.stores-fonction.fr\/wp-content\/uploads\/2025\/08\/store-bandes-verticales-californien-screen-gris-credit-mutuel-banque-1-768x432.jpeg 768w, https:\/\/www.stores-fonction.fr\/wp-content\/uploads\/2025\/08\/store-bandes-verticales-californien-screen-gris-credit-mutuel-banque-1-1536x864.jpeg 1536w, https:\/\/www.stores-fonction.fr\/wp-content\/uploads\/2025\/08\/store-bandes-verticales-californien-screen-gris-credit-mutuel-banque-1.jpeg 1920w\" sizes=\"(max-width: 1024px) 100vw, 1024px\" \/>\t\t\t\t\t\t\t\t\t\t\t\t\t\t\t<\/div>\n\t\t\t\t<\/div>\n\t\t\t\t\t<\/div>\n\t\t<\/div>\n\t\t\t\t\t<\/div>\n\t\t<\/section>\n\t\t\t\t<section class=\"elementor-section elementor-top-section elementor-element elementor-element-541c4278 elementor-section-boxed elementor-section-height-default elementor-section-height-default\" data-id=\"541c4278\" data-element_type=\"section\" data-e-type=\"section\">\n\t\t\t\t\t\t<div class=\"elementor-container elementor-column-gap-default\">\n\t\t\t\t\t<div class=\"elementor-column elementor-col-100 elementor-top-column elementor-element elementor-element-dbf54ac\" data-id=\"dbf54ac\" data-element_type=\"column\" data-e-type=\"column\">\n\t\t\t<div class=\"elementor-widget-wrap elementor-element-populated\">\n\t\t\t\t\t\t<div class=\"elementor-element elementor-element-4ebd38aa elementor-widget elementor-widget-heading\" data-id=\"4ebd38aa\" data-element_type=\"widget\" data-e-type=\"widget\" data-widget_type=\"heading.default\">\n\t\t\t\t<div class=\"elementor-widget-container\">\n\t\t\t\t\t<h1 class=\"elementor-heading-title elementor-size-default\">Les crit\u00e8res et options pour le choix de votre store \u00e0 bandes verticales<\/h1>\t\t\t\t<\/div>\n\t\t\t\t<\/div>\n\t\t\t\t\t<\/div>\n\t\t<\/div>\n\t\t\t\t\t<\/div>\n\t\t<\/section>\n\t\t\t\t<section class=\"elementor-section elementor-top-section elementor-element elementor-element-7e6de6c2 elementor-section-boxed elementor-section-height-default elementor-section-height-default\" data-id=\"7e6de6c2\" data-element_type=\"section\" data-e-type=\"section\">\n\t\t\t\t\t\t<div class=\"elementor-container elementor-column-gap-default\">\n\t\t\t\t\t<div class=\"elementor-column elementor-col-100 elementor-top-column elementor-element elementor-element-7e8644e7\" data-id=\"7e8644e7\" data-element_type=\"column\" data-e-type=\"column\">\n\t\t\t<div class=\"elementor-widget-wrap elementor-element-populated\">\n\t\t\t\t\t\t<div class=\"elementor-element elementor-element-6ab630be elementor-widget elementor-widget-eael-adv-tabs\" data-id=\"6ab630be\" data-element_type=\"widget\" data-e-type=\"widget\" data-widget_type=\"eael-adv-tabs.default\">\n\t\t\t\t<div class=\"elementor-widget-container\">\n\t\t\t\t\t        <div data-scroll-on-click=\"no\" data-scroll-speed=\"300\" id=\"eael-advance-tabs-6ab630be\" class=\"eael-advance-tabs eael-tabs-vertical eael-tab-auto-active  active-caret-on\" data-tabid=\"6ab630be\">\n            <div class=\"eael-tabs-nav \">\n                <ul class=\"eael-tab-inline-icon\" role=\"tablist\">\n                                            <li id=\"les-bandes\" class=\"inactive eael-tab-item-trigger eael-tab-nav-item\" aria-selected=\"true\" data-tab=\"1\" role=\"tab\" tabindex=\"0\" aria-controls=\"les-bandes-tab\" aria-expanded=\"false\">\n                            \n                                                                <i class=\"far fa-check-circle\"><\/i>                                                            \n                                                            <span class=\"eael-tab-title title-after-icon\" >Les Bandes<\/span>                            \n                                                    <\/li>\n                                            <li id=\"la-manuvre\" class=\"inactive eael-tab-item-trigger eael-tab-nav-item\" aria-selected=\"false\" data-tab=\"2\" role=\"tab\" tabindex=\"-1\" aria-controls=\"la-manuvre-tab\" aria-expanded=\"false\">\n                            \n                                                                <i class=\"fas fa-power-off\"><\/i>                                                            \n                                                            <span class=\"eael-tab-title title-after-icon\" >La Man\u0153uvre<\/span>                            \n                                                    <\/li>\n                                            <li id=\"le-type-de-pose\" class=\"inactive eael-tab-item-trigger eael-tab-nav-item\" aria-selected=\"false\" data-tab=\"3\" role=\"tab\" tabindex=\"-1\" aria-controls=\"le-type-de-pose-tab\" aria-expanded=\"false\">\n                            \n                                                                <i class=\"fas fa-pencil-ruler\"><\/i>                                                            \n                                                            <span class=\"eael-tab-title title-after-icon\" >Le Type de pose<\/span>                            \n                                                    <\/li>\n                                            <li id=\"le-coffre\" class=\"inactive eael-tab-item-trigger eael-tab-nav-item\" aria-selected=\"false\" data-tab=\"4\" role=\"tab\" tabindex=\"-1\" aria-controls=\"le-coffre-tab\" aria-expanded=\"false\">\n                            \n                                                                <i class=\"fas fa-shield-alt\"><\/i>                                                            \n                                                            <span class=\"eael-tab-title title-after-icon\" >Le Coffre<\/span>                            \n                                                    <\/li>\n                                            <li id=\"les-plaquettes-de-lestage\" class=\"inactive eael-tab-item-trigger eael-tab-nav-item\" aria-selected=\"false\" data-tab=\"5\" role=\"tab\" tabindex=\"-1\" aria-controls=\"les-plaquettes-de-lestage-tab\" aria-expanded=\"false\">\n                            \n                                                                <i class=\"far fa-arrow-alt-circle-down\"><\/i>                                                            \n                                                            <span class=\"eael-tab-title title-after-icon\" >Les Plaquettes de lestage<\/span>                            \n                                                    <\/li>\n                                            <li id=\"la-domotique\" class=\"inactive eael-tab-item-trigger eael-tab-nav-item\" aria-selected=\"false\" data-tab=\"6\" role=\"tab\" tabindex=\"-1\" aria-controls=\"la-domotique-tab\" aria-expanded=\"false\">\n                            \n                                                                <i class=\"fas fa-robot\"><\/i>                                                            \n                                                            <span class=\"eael-tab-title title-after-icon\" >La Domotique<\/span>                            \n                                                    <\/li>\n                                            <li id=\"le-store-bv-dcoup\" class=\"inactive eael-tab-item-trigger eael-tab-nav-item\" aria-selected=\"false\" data-tab=\"7\" role=\"tab\" tabindex=\"-1\" aria-controls=\"le-store-bv-dcoup-tab\" aria-expanded=\"false\">\n                            \n                                                                <i class=\"fas fa-cut\"><\/i>                                                            \n                                                            <span class=\"eael-tab-title title-after-icon\" >Le Store BV d\u00e9coup\u00e9<\/span>                            \n                                                    <\/li>\n                                            <li id=\"le-store-sur-pan-inclin-ou-cintr\" class=\"inactive eael-tab-item-trigger eael-tab-nav-item\" aria-selected=\"false\" data-tab=\"8\" role=\"tab\" tabindex=\"-1\" aria-controls=\"le-store-sur-pan-inclin-ou-cintr-tab\" aria-expanded=\"false\">\n                            \n                                                                <i class=\"fas fa-signal\"><\/i>                                                            \n                                                            <span class=\"eael-tab-title title-after-icon\" >Le Store sur pan inclin\u00e9 ou cintr\u00e9<\/span>                            \n                                                    <\/li>\n                                            <li id=\"le-store-bv-panach\" class=\"inactive eael-tab-item-trigger eael-tab-nav-item\" aria-selected=\"false\" data-tab=\"9\" role=\"tab\" tabindex=\"-1\" aria-controls=\"le-store-bv-panach-tab\" aria-expanded=\"false\">\n                            \n                                                                <i class=\"fas fa-layer-group\"><\/i>                                                            \n                                                            <span class=\"eael-tab-title title-after-icon\" >Le Store BV panach\u00e9<\/span>                            \n                                                    <\/li>\n                    \n                                  <\/ul>\n            <\/div>\n            \n            <div class=\"eael-tabs-content\">\n\t\t        \n                    <div id=\"les-bandes-tab\" class=\"clearfix eael-tab-content-item inactive\" data-title-link=\"les-bandes-tab\">\n\t\t\t\t        <p>Deux <strong>tailles de lames<\/strong> sont disponibles: 89 mm ou 127 mm. L&rsquo;une ou l&rsquo;autre est adapt\u00e9e en fonction de la taille du store.<\/p><p><span style=\"color: #455161\">Comme pour un store \u00e0 enroulement, nous vous proposons gr\u00e2ce \u00e0 nos partenaires une large palette de couleurs de <strong>toiles<\/strong> afin de trouver celle qui convient le mieux \u00e0 votre projet:<\/span><\/p><ul><li><span style=\"color: #455161\">des toiles polyscreen permettant une intimit\u00e9 tout en conservant une vue sur l&rsquo;ext\u00e9rieur;<\/span><\/li><li>des toiles 100 % black out d\u00e9velopp\u00e9es pour ne pas laisser passer la lumi\u00e8re dans un sens comme dans l&rsquo;autre;<\/li><li>des toiles class\u00e9es non feu M1 et M0 pour les \u00e9tablissements recevant du public (E.R.P.);<\/li><li>des toiles d\u00e9coratives de toutes les couleurs pour allier les couleurs de votre int\u00e9rieur avec votre ext\u00e9rieur.<\/li><\/ul><p>L&rsquo;avantage est de pouvoir avoir le m\u00eame tissu pour des formes de stores diff\u00e9rentes.<\/p><div>Le Store \u00e0 Bandes verticales se d\u00e9cline \u00e9galement en<strong> lames PVC<\/strong> ou en <strong>lames bois<\/strong>.<\/div><div>\u00a0<\/div><div>\u00a0 <img alt=\"\" decoding=\"async\" class=\"alignnone size-medium wp-image-2750\" src=\"https:\/\/www.stores-fonction.fr\/wp-content\/uploads\/2025\/08\/store-bandes-verticales-californien-couleur-protection-solaire-yvelines-78-1-300x135.jpg\" alt=\"\" width=\"300\" height=\"135\" srcset=\"https:\/\/www.stores-fonction.fr\/wp-content\/uploads\/2025\/08\/store-bandes-verticales-californien-couleur-protection-solaire-yvelines-78-1-300x135.jpg 300w, https:\/\/www.stores-fonction.fr\/wp-content\/uploads\/2025\/08\/store-bandes-verticales-californien-couleur-protection-solaire-yvelines-78-1-1024x461.jpg 1024w, https:\/\/www.stores-fonction.fr\/wp-content\/uploads\/2025\/08\/store-bandes-verticales-californien-couleur-protection-solaire-yvelines-78-1-768x346.jpg 768w, https:\/\/www.stores-fonction.fr\/wp-content\/uploads\/2025\/08\/store-bandes-verticales-californien-couleur-protection-solaire-yvelines-78-1-1536x692.jpg 1536w, https:\/\/www.stores-fonction.fr\/wp-content\/uploads\/2025\/08\/store-bandes-verticales-californien-couleur-protection-solaire-yvelines-78-1.jpg 2048w\" sizes=\"(max-width: 300px) 100vw, 300px\" \/> <img alt=\"\" loading=\"lazy\" decoding=\"async\" class=\"alignnone size-medium wp-image-2751\" src=\"https:\/\/www.stores-fonction.fr\/wp-content\/uploads\/2025\/08\/royal-monceau-raffles-paris-store-bandes-verticales-pvc-waves-blanc-2-300x135.jpeg\" alt=\"\" width=\"300\" height=\"135\" srcset=\"https:\/\/www.stores-fonction.fr\/wp-content\/uploads\/2025\/08\/royal-monceau-raffles-paris-store-bandes-verticales-pvc-waves-blanc-2-300x135.jpeg 300w, https:\/\/www.stores-fonction.fr\/wp-content\/uploads\/2025\/08\/royal-monceau-raffles-paris-store-bandes-verticales-pvc-waves-blanc-2-1024x461.jpeg 1024w, https:\/\/www.stores-fonction.fr\/wp-content\/uploads\/2025\/08\/royal-monceau-raffles-paris-store-bandes-verticales-pvc-waves-blanc-2-768x346.jpeg 768w, https:\/\/www.stores-fonction.fr\/wp-content\/uploads\/2025\/08\/royal-monceau-raffles-paris-store-bandes-verticales-pvc-waves-blanc-2-1536x692.jpeg 1536w, https:\/\/www.stores-fonction.fr\/wp-content\/uploads\/2025\/08\/royal-monceau-raffles-paris-store-bandes-verticales-pvc-waves-blanc-2.jpeg 2048w\" sizes=\"(max-width: 300px) 100vw, 300px\" \/><\/div><div>\u00a0<\/div>                    <\/div>\n\t\t        \n                    <div id=\"la-manuvre-tab\" class=\"clearfix eael-tab-content-item inactive\" data-title-link=\"la-manuvre-tab\">\n\t\t\t\t        <p>Diff\u00e9rents types de man\u0153uvre sont disponibles pour le store banne:<\/p><p>La\u00a0<strong>Man\u0153uvre manuelle\u00a0<\/strong>qui peut prendre trois formes:<\/p><ul><li><strong>un lance-rideau;<\/strong><\/li><li><strong>un cordon avec une chainette d&rsquo;orientation;<\/strong><\/li><li><strong>une chainette monocommande.<\/strong><\/li><\/ul><p>La\u00a0<strong>Man\u0153uvre motoris\u00e9e \u00e9lectrique d\u00e9clin\u00e9e en trois versions<\/strong>:<\/p><ul><li><strong>Motorisation filaire<\/strong>\u00a0avec inverseur reli\u00e9 par un fil. Ce mod\u00e8le implique souvent le passage du fil entre le moteur et l\u2019interrupteur en apparent sous goulotte<\/li><li><strong>Motorisation radio<\/strong>\u00a0avec une t\u00e9l\u00e9commande ou un smoove. Cette motorisation peut suivre deux protocoles: le protocole RTS ou Io.<ul><li>Le\u00a0<strong>protocole RTS<\/strong>\u00a0correspond \u00e0 une man\u0153uvre par t\u00e9l\u00e9commande simple. Le store s\u2019ouvre et se ferme sous commande radio.<\/li><li>Le\u00a0<strong>protocole Io<\/strong>\u00a0est utilis\u00e9 pour un pilotage \u00e0 distance via une centrale de pilotage qui peut \u00eatre reli\u00e9e \u00e0 votre t\u00e9l\u00e9phone portable. Ce type d\u2019installation peut se combiner avec les volets roulants et le syst\u00e8me d\u2019alarme.<\/li><\/ul><\/li><\/ul><p><img alt=\"\" loading=\"lazy\" decoding=\"async\" class=\"size-medium wp-image-179 alignleft\" src=\"https:\/\/www.stores-fonction.fr\/wp-content\/uploads\/2020\/09\/telecommandes-somfy-300x300.jpg\" alt=\"\" width=\"300\" height=\"300\" srcset=\"https:\/\/www.stores-fonction.fr\/wp-content\/uploads\/2020\/09\/telecommandes-somfy.jpg 300w, https:\/\/www.stores-fonction.fr\/wp-content\/uploads\/2020\/09\/telecommandes-somfy-150x150.jpg 150w\" sizes=\"(max-width: 300px) 100vw, 300px\" \/><\/p><div style=\"width: 1200px;\" class=\"wp-video\"><video class=\"wp-video-shortcode\" id=\"video-327-1\" width=\"1200\" height=\"675\" preload=\"metadata\" controls=\"controls\"><source type=\"video\/mp4\" src=\"https:\/\/www.stores-fonction.fr\/wp-content\/uploads\/2025\/08\/Store-bandes-verticales-particulier-manoeuvre-electrique-noir-yvelines-78-1.mp4?_=1\" \/><a href=\"https:\/\/www.stores-fonction.fr\/wp-content\/uploads\/2025\/08\/Store-bandes-verticales-particulier-manoeuvre-electrique-noir-yvelines-78-1.mp4\">https:\/\/www.stores-fonction.fr\/wp-content\/uploads\/2025\/08\/Store-bandes-verticales-particulier-manoeuvre-electrique-noir-yvelines-78-1.mp4<\/a><\/video><\/div>                    <\/div>\n\t\t        \n                    <div id=\"le-type-de-pose-tab\" class=\"clearfix eael-tab-content-item inactive\" data-title-link=\"le-type-de-pose-tab\">\n\t\t\t\t        <p>En fonction de la configuration de votre fa\u00e7ade, nous vous proposons plusieurs types de pose:<\/p><ul><li>Pose en fa\u00e7ade;<\/li><li>Pose plafond;<\/li><li>Pose sur faux plafond;<\/li><li>Pose sur ouvrant;<\/li><li>Pose en tunnel dans un renfoncement;<\/li><li>Pose pour cloisonnement ou s\u00e9paration.<\/li><\/ul><p><img alt=\"\" loading=\"lazy\" decoding=\"async\" class=\"alignnone wp-image-2757\" src=\"https:\/\/www.stores-fonction.fr\/wp-content\/uploads\/2025\/08\/store-bandes-verticales-californien-screen-gris-credit-mutuel-banque-3-300x226.jpg\" alt=\"\" width=\"179\" height=\"135\" srcset=\"https:\/\/www.stores-fonction.fr\/wp-content\/uploads\/2025\/08\/store-bandes-verticales-californien-screen-gris-credit-mutuel-banque-3-300x226.jpg 300w, https:\/\/www.stores-fonction.fr\/wp-content\/uploads\/2025\/08\/store-bandes-verticales-californien-screen-gris-credit-mutuel-banque-3-1024x771.jpg 1024w, https:\/\/www.stores-fonction.fr\/wp-content\/uploads\/2025\/08\/store-bandes-verticales-californien-screen-gris-credit-mutuel-banque-3-768x578.jpg 768w, https:\/\/www.stores-fonction.fr\/wp-content\/uploads\/2025\/08\/store-bandes-verticales-californien-screen-gris-credit-mutuel-banque-3-1536x1157.jpg 1536w, https:\/\/www.stores-fonction.fr\/wp-content\/uploads\/2025\/08\/store-bandes-verticales-californien-screen-gris-credit-mutuel-banque-3.jpg 2048w\" sizes=\"(max-width: 179px) 100vw, 179px\" \/> <img alt=\"\" loading=\"lazy\" decoding=\"async\" class=\"alignnone size-medium wp-image-2759\" src=\"https:\/\/www.stores-fonction.fr\/wp-content\/uploads\/2025\/08\/royal-monceau-raffles-paris-store-bandes-verticales-pvc-waves-blanc-1-300x135.jpeg\" alt=\"\" width=\"300\" height=\"135\" srcset=\"https:\/\/www.stores-fonction.fr\/wp-content\/uploads\/2025\/08\/royal-monceau-raffles-paris-store-bandes-verticales-pvc-waves-blanc-1-300x135.jpeg 300w, https:\/\/www.stores-fonction.fr\/wp-content\/uploads\/2025\/08\/royal-monceau-raffles-paris-store-bandes-verticales-pvc-waves-blanc-1-1024x461.jpeg 1024w, https:\/\/www.stores-fonction.fr\/wp-content\/uploads\/2025\/08\/royal-monceau-raffles-paris-store-bandes-verticales-pvc-waves-blanc-1-768x346.jpeg 768w, https:\/\/www.stores-fonction.fr\/wp-content\/uploads\/2025\/08\/royal-monceau-raffles-paris-store-bandes-verticales-pvc-waves-blanc-1-1536x692.jpeg 1536w, https:\/\/www.stores-fonction.fr\/wp-content\/uploads\/2025\/08\/royal-monceau-raffles-paris-store-bandes-verticales-pvc-waves-blanc-1.jpeg 2048w\" sizes=\"(max-width: 300px) 100vw, 300px\" \/> <img alt=\"\" loading=\"lazy\" decoding=\"async\" class=\"alignnone wp-image-2760\" src=\"https:\/\/www.stores-fonction.fr\/wp-content\/uploads\/2025\/08\/particulier-chatenay-92-store-bandes-verticales-gris-pose-plafond-salon-decoration-intimite-3-300x226.jpeg\" alt=\"\" width=\"179\" height=\"135\" srcset=\"https:\/\/www.stores-fonction.fr\/wp-content\/uploads\/2025\/08\/particulier-chatenay-92-store-bandes-verticales-gris-pose-plafond-salon-decoration-intimite-3-300x226.jpeg 300w, https:\/\/www.stores-fonction.fr\/wp-content\/uploads\/2025\/08\/particulier-chatenay-92-store-bandes-verticales-gris-pose-plafond-salon-decoration-intimite-3-1024x771.jpeg 1024w, https:\/\/www.stores-fonction.fr\/wp-content\/uploads\/2025\/08\/particulier-chatenay-92-store-bandes-verticales-gris-pose-plafond-salon-decoration-intimite-3-768x578.jpeg 768w, https:\/\/www.stores-fonction.fr\/wp-content\/uploads\/2025\/08\/particulier-chatenay-92-store-bandes-verticales-gris-pose-plafond-salon-decoration-intimite-3-1536x1157.jpeg 1536w, https:\/\/www.stores-fonction.fr\/wp-content\/uploads\/2025\/08\/particulier-chatenay-92-store-bandes-verticales-gris-pose-plafond-salon-decoration-intimite-3.jpeg 2048w\" sizes=\"(max-width: 179px) 100vw, 179px\" \/><\/p>                    <\/div>\n\t\t        \n                    <div id=\"le-coffre-tab\" class=\"clearfix eael-tab-content-item inactive\" data-title-link=\"le-coffre-tab\">\n\t\t\t\t        <p>Certains fournisseurs nous proposent de cacher le m\u00e9canisme du store par une <strong>cantonni\u00e8re d\u00e9corative<\/strong>. Il s&rsquo;agit d&rsquo;un cadre en aluminium d\u00e9coratif avec ou sans d\u00e9bord.<\/p><p>Vous souhaitez un mod\u00e8le encore plus int\u00e9gr\u00e9 ? Nous vous sugg\u00e9rons un coffre d\u00e9coratif reprenant la couleur de votre toile.<\/p><p><img alt=\"\" loading=\"lazy\" decoding=\"async\" class=\"alignnone size-medium wp-image-2765\" src=\"https:\/\/www.stores-fonction.fr\/wp-content\/uploads\/2025\/08\/cantonniere-coffre-decoratif-store-bandes-verticales-califorrnien-aluminium-300x282.jpg\" alt=\"\" width=\"300\" height=\"282\" srcset=\"https:\/\/www.stores-fonction.fr\/wp-content\/uploads\/2025\/08\/cantonniere-coffre-decoratif-store-bandes-verticales-califorrnien-aluminium-300x282.jpg 300w, https:\/\/www.stores-fonction.fr\/wp-content\/uploads\/2025\/08\/cantonniere-coffre-decoratif-store-bandes-verticales-califorrnien-aluminium.jpg 424w\" sizes=\"(max-width: 300px) 100vw, 300px\" \/><\/p>                    <\/div>\n\t\t        \n                    <div id=\"les-plaquettes-de-lestage-tab\" class=\"clearfix eael-tab-content-item inactive\" data-title-link=\"les-plaquettes-de-lestage-tab\">\n\t\t\t\t        <p>Les plaquettes de lestage sont des languettes ins\u00e9r\u00e9es dans les lames de stores en tissu permettant le bon maintien de lame \u00e0 la verticale.<\/p><p>Celles-ci sont compl\u00e9t\u00e9es par des chainettes afin d&rsquo;aider le store \u00e0 se remettre en place de lui-m\u00eame. Elles peuvent \u00eatre harmonis\u00e9es au store ou bien d&rsquo;un coloris qui tranche.<\/p><p><img alt=\"\" loading=\"lazy\" decoding=\"async\" class=\"alignnone size-medium wp-image-2767\" src=\"https:\/\/www.stores-fonction.fr\/wp-content\/uploads\/2025\/08\/bandes-verticales-finition-lestage-blanc-avec-chainette-reliage-particulier-saine-et-marne-77-4-300x226.jpeg\" alt=\"\" width=\"300\" height=\"226\" srcset=\"https:\/\/www.stores-fonction.fr\/wp-content\/uploads\/2025\/08\/bandes-verticales-finition-lestage-blanc-avec-chainette-reliage-particulier-saine-et-marne-77-4-300x226.jpeg 300w, https:\/\/www.stores-fonction.fr\/wp-content\/uploads\/2025\/08\/bandes-verticales-finition-lestage-blanc-avec-chainette-reliage-particulier-saine-et-marne-77-4-1024x771.jpeg 1024w, https:\/\/www.stores-fonction.fr\/wp-content\/uploads\/2025\/08\/bandes-verticales-finition-lestage-blanc-avec-chainette-reliage-particulier-saine-et-marne-77-4-768x578.jpeg 768w, https:\/\/www.stores-fonction.fr\/wp-content\/uploads\/2025\/08\/bandes-verticales-finition-lestage-blanc-avec-chainette-reliage-particulier-saine-et-marne-77-4-1536x1157.jpeg 1536w, https:\/\/www.stores-fonction.fr\/wp-content\/uploads\/2025\/08\/bandes-verticales-finition-lestage-blanc-avec-chainette-reliage-particulier-saine-et-marne-77-4.jpeg 2048w\" sizes=\"(max-width: 300px) 100vw, 300px\" \/> <img alt=\"\" loading=\"lazy\" decoding=\"async\" class=\"alignnone wp-image-2768\" src=\"https:\/\/www.stores-fonction.fr\/wp-content\/uploads\/2025\/08\/Store-bandes-verticales-particulier-manoeuvre-electrique-noir-yvelines-78-9-226x300.jpeg\" alt=\"\" width=\"170\" height=\"226\" srcset=\"https:\/\/www.stores-fonction.fr\/wp-content\/uploads\/2025\/08\/Store-bandes-verticales-particulier-manoeuvre-electrique-noir-yvelines-78-9-226x300.jpeg 226w, https:\/\/www.stores-fonction.fr\/wp-content\/uploads\/2025\/08\/Store-bandes-verticales-particulier-manoeuvre-electrique-noir-yvelines-78-9-771x1024.jpeg 771w, https:\/\/www.stores-fonction.fr\/wp-content\/uploads\/2025\/08\/Store-bandes-verticales-particulier-manoeuvre-electrique-noir-yvelines-78-9-768x1020.jpeg 768w, https:\/\/www.stores-fonction.fr\/wp-content\/uploads\/2025\/08\/Store-bandes-verticales-particulier-manoeuvre-electrique-noir-yvelines-78-9-1157x1536.jpeg 1157w, https:\/\/www.stores-fonction.fr\/wp-content\/uploads\/2025\/08\/Store-bandes-verticales-particulier-manoeuvre-electrique-noir-yvelines-78-9.jpeg 1542w\" sizes=\"(max-width: 170px) 100vw, 170px\" \/> \u00a0<\/p>                    <\/div>\n\t\t        \n                    <div id=\"la-domotique-tab\" class=\"clearfix eael-tab-content-item inactive\" data-title-link=\"la-domotique-tab\">\n\t\t\t\t        <p>Le syst\u00e8me de motorisation \u00e9lectrique permette d&rsquo;ajouter des \u00e9l\u00e9ments de domotique au store :<\/p><ul><li>un capteur solaire pour fermer votre store quand la luminosit\u00e9 devient trop importante<\/li><li>une t\u00e9l\u00e9commande pilot\u00e9e sur horloge pour d\u00e9finir des horaires d&rsquo;ouverture et de fermeture automatiques.<\/li><li>une t\u00e9l\u00e9commande avec pilotage par centrale pour d\u00e9finir des sc\u00e9narii d&rsquo;ouverture et de fermeture.<\/li><\/ul><div><p>La domotique permet de faciliter votre vie et votre utilisation au quotidien.<\/p><p><img loading=\"lazy\" decoding=\"async\" class=\"alignnone wp-image-135 size-medium\" src=\"https:\/\/www.stores-fonction.fr\/wp-content\/uploads\/2020\/05\/Somfy-Eolis-3D-White-300x156.jpg\" alt=\"Eolis 3D - Capteur vent\" width=\"300\" height=\"156\" srcset=\"https:\/\/www.stores-fonction.fr\/wp-content\/uploads\/2020\/05\/Somfy-Eolis-3D-White-300x156.jpg 300w, https:\/\/www.stores-fonction.fr\/wp-content\/uploads\/2020\/05\/Somfy-Eolis-3D-White-768x400.jpg 768w, https:\/\/www.stores-fonction.fr\/wp-content\/uploads\/2020\/05\/Somfy-Eolis-3D-White.jpg 960w\" sizes=\"(max-width: 300px) 100vw, 300px\" \/><img loading=\"lazy\" decoding=\"async\" class=\"alignnone wp-image-2037 size-thumbnail\" src=\"https:\/\/www.stores-fonction.fr\/wp-content\/uploads\/2025\/08\/1870594-tahoma-switch-150x150.jpg\" alt=\"Tahoma Switch - Centrale de contr\u00f4le et pilotage des stores et volets- Somfy\" width=\"150\" height=\"150\" srcset=\"https:\/\/www.stores-fonction.fr\/wp-content\/uploads\/2025\/08\/1870594-tahoma-switch-150x150.jpg 150w, https:\/\/www.stores-fonction.fr\/wp-content\/uploads\/2025\/08\/1870594-tahoma-switch-300x300.jpg 300w, https:\/\/www.stores-fonction.fr\/wp-content\/uploads\/2025\/08\/1870594-tahoma-switch.jpg 400w\" sizes=\"(max-width: 150px) 100vw, 150px\" \/><img loading=\"lazy\" decoding=\"async\" class=\"alignnone wp-image-2038 size-thumbnail\" src=\"https:\/\/www.stores-fonction.fr\/wp-content\/uploads\/2025\/08\/Situo_variation_5_io_Pure_front-150x150.jpg\" alt=\"Situo 5 canaux \u00e0 variation - t\u00e9l\u00e9commande Somfy\" width=\"150\" height=\"150\" srcset=\"https:\/\/www.stores-fonction.fr\/wp-content\/uploads\/2025\/08\/Situo_variation_5_io_Pure_front-150x150.jpg 150w, https:\/\/www.stores-fonction.fr\/wp-content\/uploads\/2025\/08\/Situo_variation_5_io_Pure_front-300x300.jpg 300w, https:\/\/www.stores-fonction.fr\/wp-content\/uploads\/2025\/08\/Situo_variation_5_io_Pure_front.jpg 400w\" sizes=\"(max-width: 150px) 100vw, 150px\" \/><\/p><\/div>                    <\/div>\n\t\t        \n                    <div id=\"le-store-bv-dcoup-tab\" class=\"clearfix eael-tab-content-item inactive\" data-title-link=\"le-store-bv-dcoup-tab\">\n\t\t\t\t        <p>Le <strong>Store \u00e0 bandes verticales d\u00e9coup\u00e9 <\/strong>permet d&rsquo;\u00e9viter un obstacle ou de se fondre au mieux dans la configuration d&rsquo;un int\u00e9rieur.\u00a0<\/p><p>Il est id\u00e9al pour une d\u00e9coupe en escalier ou pour une fen\u00eatre ouvrante avec un imposte fixe.<\/p><p>\u00a0<\/p><p><img alt=\"\" loading=\"lazy\" decoding=\"async\" class=\"alignnone size-medium wp-image-2766\" src=\"https:\/\/www.stores-fonction.fr\/wp-content\/uploads\/2025\/08\/store-bandes-verticales-californien-decoupe-sur-mesure-plan-horizontal-schema-300x103.png\" alt=\"\" width=\"300\" height=\"103\" srcset=\"https:\/\/www.stores-fonction.fr\/wp-content\/uploads\/2025\/08\/store-bandes-verticales-californien-decoupe-sur-mesure-plan-horizontal-schema-300x103.png 300w, https:\/\/www.stores-fonction.fr\/wp-content\/uploads\/2025\/08\/store-bandes-verticales-californien-decoupe-sur-mesure-plan-horizontal-schema.png 345w\" sizes=\"(max-width: 300px) 100vw, 300px\" \/><\/p>                    <\/div>\n\t\t        \n                    <div id=\"le-store-sur-pan-inclin-ou-cintr-tab\" class=\"clearfix eael-tab-content-item inactive\" data-title-link=\"le-store-sur-pan-inclin-ou-cintr-tab\">\n\t\t\t\t        <p>Le <strong>Store \u00e0 bandes verticales<\/strong> offre de multiples possibilit\u00e9s. Notamment, il peut s&rsquo;adapter sur des <strong>pans inclin\u00e9s<\/strong> pour suivre une pente de toiture.<\/p><p>Le rail est adaptable \u00e9galement sur un <strong>cintrage<\/strong> arrondi.<\/p><p>\u00a0<\/p><p>\u00a0<img alt=\"\" loading=\"lazy\" decoding=\"async\" class=\"alignnone size-medium wp-image-2770\" src=\"https:\/\/www.stores-fonction.fr\/wp-content\/uploads\/2025\/08\/store-bandes-verticales-californien-trapeze-trapeze-incline-occultant-particulier-yvelines-78-4-300x226.jpg\" alt=\"\" width=\"300\" height=\"226\" srcset=\"https:\/\/www.stores-fonction.fr\/wp-content\/uploads\/2025\/08\/store-bandes-verticales-californien-trapeze-trapeze-incline-occultant-particulier-yvelines-78-4-300x226.jpg 300w, https:\/\/www.stores-fonction.fr\/wp-content\/uploads\/2025\/08\/store-bandes-verticales-californien-trapeze-trapeze-incline-occultant-particulier-yvelines-78-4-1024x771.jpg 1024w, https:\/\/www.stores-fonction.fr\/wp-content\/uploads\/2025\/08\/store-bandes-verticales-californien-trapeze-trapeze-incline-occultant-particulier-yvelines-78-4-768x578.jpg 768w, https:\/\/www.stores-fonction.fr\/wp-content\/uploads\/2025\/08\/store-bandes-verticales-californien-trapeze-trapeze-incline-occultant-particulier-yvelines-78-4-1536x1157.jpg 1536w, https:\/\/www.stores-fonction.fr\/wp-content\/uploads\/2025\/08\/store-bandes-verticales-californien-trapeze-trapeze-incline-occultant-particulier-yvelines-78-4.jpg 2048w\" sizes=\"(max-width: 300px) 100vw, 300px\" \/> \u00a0<img alt=\"\" loading=\"lazy\" decoding=\"async\" class=\"alignnone size-medium wp-image-2769\" src=\"https:\/\/www.stores-fonction.fr\/wp-content\/uploads\/2025\/08\/store-bandes-verticales-californien-trapeze-trapeze-incline-occultant-particulier-yvelines-78-2-300x226.jpg\" alt=\"\" width=\"300\" height=\"226\" srcset=\"https:\/\/www.stores-fonction.fr\/wp-content\/uploads\/2025\/08\/store-bandes-verticales-californien-trapeze-trapeze-incline-occultant-particulier-yvelines-78-2-300x226.jpg 300w, https:\/\/www.stores-fonction.fr\/wp-content\/uploads\/2025\/08\/store-bandes-verticales-californien-trapeze-trapeze-incline-occultant-particulier-yvelines-78-2-1024x771.jpg 1024w, https:\/\/www.stores-fonction.fr\/wp-content\/uploads\/2025\/08\/store-bandes-verticales-californien-trapeze-trapeze-incline-occultant-particulier-yvelines-78-2-768x578.jpg 768w, https:\/\/www.stores-fonction.fr\/wp-content\/uploads\/2025\/08\/store-bandes-verticales-californien-trapeze-trapeze-incline-occultant-particulier-yvelines-78-2-1536x1157.jpg 1536w, https:\/\/www.stores-fonction.fr\/wp-content\/uploads\/2025\/08\/store-bandes-verticales-californien-trapeze-trapeze-incline-occultant-particulier-yvelines-78-2.jpg 2048w\" sizes=\"(max-width: 300px) 100vw, 300px\" \/> \u00a0<img alt=\"\" loading=\"lazy\" decoding=\"async\" class=\"alignnone size-medium wp-image-2771\" src=\"https:\/\/www.stores-fonction.fr\/wp-content\/uploads\/2025\/08\/store-bandes-verticales-californien-trapeze-trapeze-incline-occultant-particulier-yvelines-78-5-300x226.jpg\" alt=\"\" width=\"300\" height=\"226\" srcset=\"https:\/\/www.stores-fonction.fr\/wp-content\/uploads\/2025\/08\/store-bandes-verticales-californien-trapeze-trapeze-incline-occultant-particulier-yvelines-78-5-300x226.jpg 300w, https:\/\/www.stores-fonction.fr\/wp-content\/uploads\/2025\/08\/store-bandes-verticales-californien-trapeze-trapeze-incline-occultant-particulier-yvelines-78-5-1024x771.jpg 1024w, https:\/\/www.stores-fonction.fr\/wp-content\/uploads\/2025\/08\/store-bandes-verticales-californien-trapeze-trapeze-incline-occultant-particulier-yvelines-78-5-768x578.jpg 768w, https:\/\/www.stores-fonction.fr\/wp-content\/uploads\/2025\/08\/store-bandes-verticales-californien-trapeze-trapeze-incline-occultant-particulier-yvelines-78-5-1536x1157.jpg 1536w, https:\/\/www.stores-fonction.fr\/wp-content\/uploads\/2025\/08\/store-bandes-verticales-californien-trapeze-trapeze-incline-occultant-particulier-yvelines-78-5.jpg 2048w\" sizes=\"(max-width: 300px) 100vw, 300px\" \/><\/p>                    <\/div>\n\t\t        \n                    <div id=\"le-store-bv-panach-tab\" class=\"clearfix eael-tab-content-item inactive\" data-title-link=\"le-store-bv-panach-tab\">\n\t\t\t\t        <p>Exprimer votre personnalit\u00e9 en pr\u00e9f\u00e9rant un <strong>panachage de couleur<\/strong> !<\/p><p>Le store \u00e0 bandes verticales de part sa configuration permet une grande libert\u00e9 de couleur. N&rsquo;h\u00e9sitez pas \u00e0 nous faire une demande dans ce sens.<\/p><p><img alt=\"\" loading=\"lazy\" decoding=\"async\" class=\"alignnone size-medium wp-image-2772\" src=\"https:\/\/www.stores-fonction.fr\/wp-content\/uploads\/2025\/08\/store-bandes-verticales-californien-couleur-protection-solaire-yvelines-78-3-300x135.jpg\" alt=\"\" width=\"300\" height=\"135\" srcset=\"https:\/\/www.stores-fonction.fr\/wp-content\/uploads\/2025\/08\/store-bandes-verticales-californien-couleur-protection-solaire-yvelines-78-3-300x135.jpg 300w, https:\/\/www.stores-fonction.fr\/wp-content\/uploads\/2025\/08\/store-bandes-verticales-californien-couleur-protection-solaire-yvelines-78-3-1024x461.jpg 1024w, https:\/\/www.stores-fonction.fr\/wp-content\/uploads\/2025\/08\/store-bandes-verticales-californien-couleur-protection-solaire-yvelines-78-3-768x346.jpg 768w, https:\/\/www.stores-fonction.fr\/wp-content\/uploads\/2025\/08\/store-bandes-verticales-californien-couleur-protection-solaire-yvelines-78-3-1536x692.jpg 1536w, https:\/\/www.stores-fonction.fr\/wp-content\/uploads\/2025\/08\/store-bandes-verticales-californien-couleur-protection-solaire-yvelines-78-3.jpg 2048w\" sizes=\"(max-width: 300px) 100vw, 300px\" \/> <img alt=\"\" loading=\"lazy\" decoding=\"async\" class=\"alignnone wp-image-2773\" src=\"https:\/\/www.stores-fonction.fr\/wp-content\/uploads\/2025\/08\/store-bandes-verticales-californien-film-screen-interieur-78-yvelines-particulier-1-300x169.jpg\" alt=\"\" width=\"240\" height=\"135\" srcset=\"https:\/\/www.stores-fonction.fr\/wp-content\/uploads\/2025\/08\/store-bandes-verticales-californien-film-screen-interieur-78-yvelines-particulier-1-300x169.jpg 300w, https:\/\/www.stores-fonction.fr\/wp-content\/uploads\/2025\/08\/store-bandes-verticales-californien-film-screen-interieur-78-yvelines-particulier-1-1024x577.jpg 1024w, https:\/\/www.stores-fonction.fr\/wp-content\/uploads\/2025\/08\/store-bandes-verticales-californien-film-screen-interieur-78-yvelines-particulier-1-768x432.jpg 768w, https:\/\/www.stores-fonction.fr\/wp-content\/uploads\/2025\/08\/store-bandes-verticales-californien-film-screen-interieur-78-yvelines-particulier-1-1536x865.jpg 1536w, https:\/\/www.stores-fonction.fr\/wp-content\/uploads\/2025\/08\/store-bandes-verticales-californien-film-screen-interieur-78-yvelines-particulier-1.jpg 2048w\" sizes=\"(max-width: 240px) 100vw, 240px\" \/><\/p>                    <\/div>\n\t\t                    <\/div>\n        <\/div>\n\t\t\t\t<\/div>\n\t\t\t\t<\/div>\n\t\t\t\t\t<\/div>\n\t\t<\/div>\n\t\t\t\t\t<\/div>\n\t\t<\/section>\n\t\t\t\t<section class=\"elementor-section elementor-top-section elementor-element elementor-element-55cb840e elementor-section-boxed elementor-section-height-default elementor-section-height-default\" data-id=\"55cb840e\" data-element_type=\"section\" data-e-type=\"section\" data-settings=\"{&quot;background_background&quot;:&quot;classic&quot;}\">\n\t\t\t\t\t\t<div class=\"elementor-container elementor-column-gap-default\">\n\t\t\t\t\t<div class=\"elementor-column elementor-col-66 elementor-top-column elementor-element elementor-element-6a783edb\" data-id=\"6a783edb\" data-element_type=\"column\" data-e-type=\"column\">\n\t\t\t<div class=\"elementor-widget-wrap elementor-element-populated\">\n\t\t\t\t\t\t<div class=\"elementor-element elementor-element-77935d7e elementor-widget elementor-widget-text-editor\" data-id=\"77935d7e\" data-element_type=\"widget\" data-e-type=\"widget\" data-widget_type=\"text-editor.default\">\n\t\t\t\t<div class=\"elementor-widget-container\">\n\t\t\t\t\t\t\t\t\t<p>\u00a0<\/p><p style=\"text-align: center;\"><strong>Vous \u00eates une entreprise ou un particulier qui veut s&rsquo;affirmer ?<\/strong><\/p><p><span style=\"color: #455161;\">Chez Stores &amp; Fonction, nous vous donnons l\u2019opportunit\u00e9 de <a href=\"https:\/\/www.stores-fonction.fr\/index.php\/personnalisation\/\"><strong>personnaliser<\/strong><\/a> enti\u00e8rement la toile de vos <a href=\"https:\/\/www.stores-fonction.fr\/index.php\/stores-exterieurs\/stores-bannes\/\"><strong>stores bannes<\/strong><\/a>, <a href=\"https:\/\/www.stores-fonction.fr\/index.php\/stores-interieurs\/stores-a-enroulement\/\">stores \u00e0 enroulement<\/a>, <a href=\"https:\/\/www.stores-fonction.fr\/index.php\/stores-exterieurs\/stores-a-descente-verticale\/\">stores avec coffre<\/a>, etc. Logos, slogans, symboles, images, couleurs, typographies\u2026 Gr\u00e2ce \u00e0 l\u2019impression num\u00e9rique ou \u00e0 la peinture, votre <strong>store \u00e0 enroulement <\/strong>mettra en avant toute l\u2019<strong>identit\u00e9 visuelle<\/strong> de votre restaurant ou commerce.<\/span><\/p><p><span style=\"color: #455161;\">Un autre moyen de vous d\u00e9marquer est le lambrequin lumineux: visible de jour comme de nuit, vos clients ne pourront pas rater votre boutique.<\/span><\/p><p><span style=\"color: #455161;\">Retrouvez nos possibilit\u00e9s dans la cat\u00e9gorie <a href=\"https:\/\/www.stores-fonction.fr\/index.php\/personnalisation\/\"><strong>Signal\u00e9tique<\/strong><\/a>.<\/span><\/p>\t\t\t\t\t\t\t\t<\/div>\n\t\t\t\t<\/div>\n\t\t\t\t\t<\/div>\n\t\t<\/div>\n\t\t\t\t<div class=\"elementor-column elementor-col-33 elementor-top-column elementor-element elementor-element-4ca62f4e\" data-id=\"4ca62f4e\" data-element_type=\"column\" data-e-type=\"column\">\n\t\t\t<div class=\"elementor-widget-wrap elementor-element-populated\">\n\t\t\t\t\t\t<div class=\"elementor-element elementor-element-7824eff6 elementor-align-justify elementor-widget elementor-widget-button\" data-id=\"7824eff6\" data-element_type=\"widget\" data-e-type=\"widget\" data-widget_type=\"button.default\">\n\t\t\t\t<div class=\"elementor-widget-container\">\n\t\t\t\t\t\t\t\t\t<div class=\"elementor-button-wrapper\">\n\t\t\t\t\t<a class=\"elementor-button elementor-button-link elementor-size-sm\" href=\"https:\/\/www.stores-fonction.fr\/index.php\/personnalisation\/\">\n\t\t\t\t\t\t<span class=\"elementor-button-content-wrapper\">\n\t\t\t\t\t\t\t\t\t<span class=\"elementor-button-text\">Cliquez ici<\/span>\n\t\t\t\t\t<\/span>\n\t\t\t\t\t<\/a>\n\t\t\t\t<\/div>\n\t\t\t\t\t\t\t\t<\/div>\n\t\t\t\t<\/div>\n\t\t\t\t<div class=\"elementor-element elementor-element-998bec7 elementor-widget elementor-widget-spacer\" data-id=\"998bec7\" data-element_type=\"widget\" data-e-type=\"widget\" data-widget_type=\"spacer.default\">\n\t\t\t\t<div class=\"elementor-widget-container\">\n\t\t\t\t\t\t\t<div class=\"elementor-spacer\">\n\t\t\t<div class=\"elementor-spacer-inner\"><\/div>\n\t\t<\/div>\n\t\t\t\t\t\t<\/div>\n\t\t\t\t<\/div>\n\t\t\t\t<div class=\"elementor-element elementor-element-5e32b2bb elementor-widget elementor-widget-image\" data-id=\"5e32b2bb\" data-element_type=\"widget\" data-e-type=\"widget\" data-widget_type=\"image.default\">\n\t\t\t\t<div class=\"elementor-widget-container\">\n\t\t\t\t\t\t\t\t\t\t\t\t\t\t\t<img alt=\"\" loading=\"lazy\" decoding=\"async\" width=\"238\" height=\"510\" src=\"https:\/\/www.stores-fonction.fr\/wp-content\/uploads\/2025\/08\/store-bleu-marque-pleine-toile-logo-boutique.jpg\" class=\"attachment-large size-large wp-image-2666\" alt=\"\" srcset=\"https:\/\/www.stores-fonction.fr\/wp-content\/uploads\/2025\/08\/store-bleu-marque-pleine-toile-logo-boutique.jpg 238w, https:\/\/www.stores-fonction.fr\/wp-content\/uploads\/2025\/08\/store-bleu-marque-pleine-toile-logo-boutique-140x300.jpg 140w\" sizes=\"(max-width: 238px) 100vw, 238px\" \/>\t\t\t\t\t\t\t\t\t\t\t\t\t\t\t<\/div>\n\t\t\t\t<\/div>\n\t\t\t\t\t<\/div>\n\t\t<\/div>\n\t\t\t\t\t<\/div>\n\t\t<\/section>\n\t\t\t\t<section class=\"elementor-section elementor-top-section elementor-element elementor-element-4fe1d4cf elementor-section-boxed elementor-section-height-default elementor-section-height-default\" data-id=\"4fe1d4cf\" data-element_type=\"section\" data-e-type=\"section\">\n\t\t\t\t\t\t<div class=\"elementor-container elementor-column-gap-default\">\n\t\t\t\t\t<div class=\"elementor-column elementor-col-100 elementor-top-column elementor-element elementor-element-a361fdb\" data-id=\"a361fdb\" data-element_type=\"column\" data-e-type=\"column\">\n\t\t\t<div class=\"elementor-widget-wrap elementor-element-populated\">\n\t\t\t\t\t\t<div class=\"elementor-element elementor-element-53ce1c36 elementor-widget elementor-widget-spacer\" data-id=\"53ce1c36\" data-element_type=\"widget\" data-e-type=\"widget\" data-widget_type=\"spacer.default\">\n\t\t\t\t<div class=\"elementor-widget-container\">\n\t\t\t\t\t\t\t<div class=\"elementor-spacer\">\n\t\t\t<div class=\"elementor-spacer-inner\"><\/div>\n\t\t<\/div>\n\t\t\t\t\t\t<\/div>\n\t\t\t\t<\/div>\n\t\t\t\t\t<\/div>\n\t\t<\/div>\n\t\t\t\t\t<\/div>\n\t\t<\/section>\n\t\t\t\t<\/div>\n\t\t","protected":false},"excerpt":{"rendered":"<p>Les Stores \u00e0 Bandes Verticales L\u2019orientation de ses lames sur 180\u00b0 et ses diverses possibilit\u00e9s de refoulement permettent au store \u00e0 bandes verticales de trouver ais\u00e9ment sa place devant les petites ouvertures et les grandes baies vitr\u00e9es.Avec ses profil\u00e9s de couleurs et ses tissus d\u00e9coratifs, il s\u2019oriente au gr\u00e9 de vos d\u00e9sirs et laisse entrevoir [&hellip;]<\/p>\n","protected":false},"author":1,"featured_media":1436,"parent":187,"menu_order":4,"comment_status":"closed","ping_status":"closed","template":"","meta":{"_seopress_robots_primary_cat":"","_seopress_titles_title":"Store \u00e0 bandes verticales","_seopress_titles_desc":"Le store \u00e0 bandes verticales ou store californien est le store qui permet le plus de variations avec ses lames verticales orientables.","_seopress_robots_index":"","site-sidebar-layout":"no-sidebar","site-content-layout":"page-builder","ast-site-content-layout":"default","site-content-style":"default","site-sidebar-style":"default","ast-global-header-display":"","ast-banner-title-visibility":"","ast-main-header-display":"","ast-hfb-above-header-display":"","ast-hfb-below-header-display":"","ast-hfb-mobile-header-display":"","site-post-title":"","ast-breadcrumbs-content":"","ast-featured-img":"disabled","footer-sml-layout":"","ast-disable-related-posts":"","theme-transparent-header-meta":"default","adv-header-id-meta":"","stick-header-meta":"","header-above-stick-meta":"","header-main-stick-meta":"","header-below-stick-meta":"","astra-migrate-meta-layouts":"default","ast-page-background-enabled":"default","ast-page-background-meta":{"desktop":{"background-color":"","background-image":"","background-repeat":"repeat","background-position":"center center","background-size":"auto","background-attachment":"scroll","background-type":"","background-media":"","overlay-type":"","overlay-color":"","overlay-opacity":"","overlay-gradient":""},"tablet":{"background-color":"","background-image":"","background-repeat":"repeat","background-position":"center center","background-size":"auto","background-attachment":"scroll","background-type":"","background-media":"","overlay-type":"","overlay-color":"","overlay-opacity":"","overlay-gradient":""},"mobile":{"background-color":"","background-image":"","background-repeat":"repeat","background-position":"center center","background-size":"auto","background-attachment":"scroll","background-type":"","background-media":"","overlay-type":"","overlay-color":"","overlay-opacity":"","overlay-gradient":""}},"ast-content-background-meta":{"desktop":{"background-color":"var(--ast-global-color-5)","background-image":"","background-repeat":"repeat","background-position":"center center","background-size":"auto","background-attachment":"scroll","background-type":"","background-media":"","overlay-type":"","overlay-color":"","overlay-opacity":"","overlay-gradient":""},"tablet":{"background-color":"var(--ast-global-color-5)","background-image":"","background-repeat":"repeat","background-position":"center center","background-size":"auto","background-attachment":"scroll","background-type":"","background-media":"","overlay-type":"","overlay-color":"","overlay-opacity":"","overlay-gradient":""},"mobile":{"background-color":"var(--ast-global-color-5)","background-image":"","background-repeat":"repeat","background-position":"center center","background-size":"auto","background-attachment":"scroll","background-type":"","background-media":"","overlay-type":"","overlay-color":"","overlay-opacity":"","overlay-gradient":""}},"footnotes":""},"class_list":["post-327","page","type-page","status-publish","has-post-thumbnail","hentry"],"_links":{"self":[{"href":"https:\/\/www.stores-fonction.fr\/index.php\/wp-json\/wp\/v2\/pages\/327","targetHints":{"allow":["GET"]}}],"collection":[{"href":"https:\/\/www.stores-fonction.fr\/index.php\/wp-json\/wp\/v2\/pages"}],"about":[{"href":"https:\/\/www.stores-fonction.fr\/index.php\/wp-json\/wp\/v2\/types\/page"}],"author":[{"embeddable":true,"href":"https:\/\/www.stores-fonction.fr\/index.php\/wp-json\/wp\/v2\/users\/1"}],"replies":[{"embeddable":true,"href":"https:\/\/www.stores-fonction.fr\/index.php\/wp-json\/wp\/v2\/comments?post=327"}],"version-history":[{"count":72,"href":"https:\/\/www.stores-fonction.fr\/index.php\/wp-json\/wp\/v2\/pages\/327\/revisions"}],"predecessor-version":[{"id":3762,"href":"https:\/\/www.stores-fonction.fr\/index.php\/wp-json\/wp\/v2\/pages\/327\/revisions\/3762"}],"up":[{"embeddable":true,"href":"https:\/\/www.stores-fonction.fr\/index.php\/wp-json\/wp\/v2\/pages\/187"}],"wp:featuredmedia":[{"embeddable":true,"href":"https:\/\/www.stores-fonction.fr\/index.php\/wp-json\/wp\/v2\/media\/1436"}],"wp:attachment":[{"href":"https:\/\/www.stores-fonction.fr\/index.php\/wp-json\/wp\/v2\/media?parent=327"}],"curies":[{"name":"wp","href":"https:\/\/api.w.org\/{rel}","templated":true}]}}